{"id":3970,"date":"2017-08-22T10:58:23","date_gmt":"2017-08-22T10:58:23","guid":{"rendered":"https:\/\/www.laratrans.com\/politica-de-privacidad\/"},"modified":"2023-08-24T09:33:53","modified_gmt":"2023-08-24T08:33:53","slug":"politica-de-privacidad","status":"publish","type":"page","link":"https:\/\/www.laratrans.com\/pt-pt\/politica-de-privacidad\/","title":{"rendered":"Pol\u00edtica de privacidade"},"content":{"rendered":"<h1>Pol\u00edtica de prote\u00e7\u00e3o de dados<\/h1>\n<p>Em cumprimento do Regulamento (UE) 2016\/679, do Parlamento Europeu e do Conselho, de 27 de abril de 2016 (doravante, RGPD), a Laratrans Servicios Log\u00edsicos y Transportes, S.L.U. (doravante, Laratrans) implementa a presente Pol\u00edtica relativa ao tratamento e prote\u00e7\u00e3o de dados pessoais.<\/p>\n<p><strong>Dados do respons\u00e1vel pelo tratamento<\/strong><\/p>\n<p>LARATRANS SERVICIOS LOGISTICOS Y TRANSPORTES, S.L.U.<\/p>\n<p>NIF: B46664157<\/p>\n<p>Sede social: Camino Mas\u00eda Conde s\/n, 46393 Loriguilla (Valencia)<\/p>\n<p>E-mail: <a href=\"mailto:info@laratrans.com\">info@laratrans.com<\/a><\/p>\n<p><strong>Dados de contacto do Delegado de prote\u00e7\u00e3o de dados<\/strong>: delegadopd@laratrans.com<\/p>\n<p><strong>\u00c2mbito de aplica\u00e7\u00e3o<\/strong><\/p>\n<p>A presente Pol\u00edtica ser\u00e1 aplic\u00e1vel:<\/p>\n<ul>\n<li>A todos os que visitem o site da Laratrans, www.laratrans.com (doravante, qualquer refer\u00eancia a este tamb\u00e9m ser\u00e1 entendida como incluindo a sua vers\u00e3o em ingl\u00eas).<\/li>\n<li>A todos os que comuniquem voluntariamente com a Laratrans atrav\u00e9s de e-mail, chat ou que preencham algum dos formul\u00e1rios de recolha de dados publicados no site da Laratrans.<\/li>\n<li>A todos os que solicitam informa\u00e7\u00f5es sobre os produtos e servi\u00e7os da Laratrans ou que solicitam participar de qualquer uma das a\u00e7\u00f5es comerciais da Laratrans.<\/li>\n<li>A todos os que formalizam uma rela\u00e7\u00e3o contratual com a Laratrans atrav\u00e9s da contrata\u00e7\u00e3o dos seus produtos e servi\u00e7os.<\/li>\n<li>A todos os que utilizem qualquer outro servi\u00e7o presente no site que implique a comunica\u00e7\u00e3o de dados \u00e0 Laratrans ou o acesso aos dados pela Laratrans para a presta\u00e7\u00e3o dos seus servi\u00e7os.<\/li>\n<li>A todos os que, direta ou indiretamente, tenham dado o seu consentimento expresso para que os seus dados sejam tratados pela Laratrans para qualquer uma das finalidades inclu\u00eddas nesta Pol\u00edtica.<\/li>\n<\/ul>\n<p>A utiliza\u00e7\u00e3o dos produtos e servi\u00e7os da Laratrans exige a aceita\u00e7\u00e3o expressa da presente Pol\u00edtica.<\/p>\n<p>A Laratrans informa que, exceto face \u00e0 exist\u00eancia de representa\u00e7\u00e3o legalmente constitu\u00edda, nenhum utilizador e\/ou cliente pode utilizar a identidade de outra pessoa e comunicar os dados pessoais desta, uma vez que os dados facultados \u00e0 Laratrans devem ser os correspondentes \u00e0 sua pr\u00f3pria identidade, adequados, pertinentes, atuais, exatos e verdadeiros. Neste sentido, o utilizador e\/ou cliente ser\u00e1 o \u00fanico respons\u00e1vel por qualquer dano direto ou indireto causado a terceiros ou \u00e0 Laratrans devido \u00e0 utiliza\u00e7\u00e3o de dados de outra pessoa ou dos seus pr\u00f3prios dados quando estes sejam falsos, err\u00f3neos, desatualizados, inadequados ou n\u00e3o pertinentes. Da mesma forma, o utilizador e\/ou cliente que comunique os dados pessoais de um terceiro ser\u00e1 respons\u00e1vel por ter obtido a correspondente autoriza\u00e7\u00e3o do interessado, bem como as pelas consequ\u00eancias em caso contr\u00e1rio.<\/p>\n<p>Da mesma forma, o utilizador e\/ou cliente que comunique dados pessoais \u00e0 Laratrans declara ser maior de idade, em conformidade com o disposto na legisla\u00e7\u00e3o espanhola, abstendo-se, caso contr\u00e1rio, de facultar dados \u00e0 Laratrans. Qualquer dado facultado relativamente a um menos de idade exige a autoriza\u00e7\u00e3o pr\u00e9via dos respetivos pais, tutores ou representantes legais, que ser\u00e3o considerados respons\u00e1veis pelos dados facultados pelos menores a seu cargo.<\/p>\n<p>A presente Pol\u00edtica ser\u00e1 de aplica\u00e7\u00e3o subsidi\u00e1ria no que diz respeito a outras condi\u00e7\u00f5es que sejam definidas relativamente \u00e0 prote\u00e7\u00e3o de dados pessoais com car\u00e1ter especial e sejam comunicadas, entre outros, atrav\u00e9s dos formul\u00e1rios de registo, contratos e\/ou condi\u00e7\u00f5es dos servi\u00e7os particulares, sendo, portanto, a presente Pol\u00edtica complementar das referidas nas mat\u00e9rias expressamente previstas nas mesmas.<\/p>\n<p><strong>Finalidades da recolha e tratamento de dados pessoais<\/strong><\/p>\n<p>A Laratrans, na sua condi\u00e7\u00e3o de respons\u00e1vel pelo tratamento, informa os utilizadores sobre a exist\u00eancia de v\u00e1rios tratamentos e ficheiros nos quais s\u00e3o recolhidos e armazenados os dados pessoais comunicados \u00e0 Laratrans.<\/p>\n<p>As finalidades da referida recolha e tratamento de dados pessoais s\u00e3o as seguintes:<\/p>\n<ul>\n<li>Em rela\u00e7\u00e3o aos &#8220;cookies&#8221; utilizados pela Laratrans na navega\u00e7\u00e3o atrav\u00e9s das respetivas p\u00e1ginas Web (<a href=\"https:\/\/www.laratrans.com\/pt-pt\/\">https:\/\/www.laratrans.com\/<\/a>, estes s\u00e3o armazenados no equipamento terminal do utilizador (computador ou dispositivo m\u00f3vel) e que recolhem informa\u00e7\u00e3o ao visitar as referidas p\u00e1ginas Web para melhor a utiliza\u00e7\u00e3o das mesmas, conhecer os h\u00e1bitos ou necessidades de navega\u00e7\u00e3o dos utilizadores de modo a se adaptar aos mesmos, bem como para obter informa\u00e7\u00f5es para efeitos estat\u00edsticos. No caso dos utilizadores que j\u00e1 sejam clientes da Laratrans, a informa\u00e7\u00e3o recolhida atrav\u00e9s dos cookies tamb\u00e9m servir\u00e1 para a respetiva identifica\u00e7\u00e3o ao acederem \u00e0s diferentes ferramentas que a Laratrans coloca \u00e0 sua disposi\u00e7\u00e3o para a gest\u00e3o dos servi\u00e7os. Em qualquer caso, os utilizadores podem configurar o navegador para desativar ou bloquear a rece\u00e7\u00e3o de todos ou de alguns cookies. O facto de n\u00e3o pretender receber os cookies n\u00e3o constitui um impedimento para aceder \u00e0 informa\u00e7\u00e3o nos sites da Laratrans, ainda que a utiliza\u00e7\u00e3o de alguns servi\u00e7os possa ficar limitado. Se, uma vez concedida autoriza\u00e7\u00e3o para a rece\u00e7\u00e3o de cookies, se pretenda revogar a mesma, os armazenados no computador do utilizador devem ser eliminados atrav\u00e9s das op\u00e7\u00f5es dos diferentes navegadores. Todas as informa\u00e7\u00f5es sobre os cookies utilizados pela Laratrans est\u00e3o publicadas na Pol\u00edtica de Cookies, dispon\u00edvel para consulta em <a href=\"https:\/\/www.laratrans.com\/pt-pt\/politica-de-cookies\/\">https:\/\/www.laratrans.com\/politica-de-cookies<\/a>.<\/li>\n<\/ul>\n<ul>No caso de envio de mensagem de correio eletr\u00f3nico para a Laratrans ou comunica\u00e7\u00e3o de dados pessoais atrav\u00e9s de qualquer outro meio, como um formul\u00e1rio de contacto, a finalidade da recolha e processamento dos dados pela Laratrans \u00e9 a resposta \u00e0s consultas e solicita\u00e7\u00f5es de informa\u00e7\u00f5es que sejam colocadas sobre os produtos e servi\u00e7os da Laratrans.<\/p>\n<li>No caso de envio de uma mensagem de correio eletr\u00f3nico \u00e0 Laratrans relacionado com as ofertas de emprego, os referidos dados ser\u00e3o tratados para participar nos processos de sele\u00e7\u00e3o de pessoal.<\/li>\n<li>No caso dos formul\u00e1rios da Laratrans que os interessados preencham para participar em qualquer uma das a\u00e7\u00f5es comerciais da Laratrans, o objetivo ser\u00e1 possibilitar tal participa\u00e7\u00e3o, bem como o envio de comunica\u00e7\u00f5es comerciais e publicit\u00e1rias sobre os servi\u00e7os da Laratrans, exceto quando o interessado manifestar expressamente a sua oposi\u00e7\u00e3o no mesmo momento da recolha dos dados. Sem preju\u00edzo do anterior, o interessado poder\u00e1 modificar a sua decis\u00e3o em qualquer momento, todas as vezes que o pretender, atrav\u00e9s dos meios disponibilizados pela Laratrans para o efeito.<\/li>\n<li>Na contrata\u00e7\u00e3o dos servi\u00e7os oferecidos pela Laratrans, apenas ser\u00e3o recolhidos os dados pessoais que sejam necess\u00e1rios para estabelecer a rela\u00e7\u00e3o contratual e permitir a presta\u00e7\u00e3o dos servi\u00e7os e a remunera\u00e7\u00e3o dos mesmos pelos clientes, sendo os referidos dados recolhidos e tratados para as seguintes finalidades:<\/li>\n<li>O principal objetivo consistir\u00e1 em manter a rela\u00e7\u00e3o contratual estabelecida com o cliente, de acordo com a natureza e carater\u00edsticas dos servi\u00e7os contratados, contactando a Laratrans com o cliente atrav\u00e9s do endere\u00e7o de correio eletr\u00f3nico, n\u00famero de telefone ou outro meio por este indicado.<\/li>\n<li>Para o envio de documenta\u00e7\u00e3o e informa\u00e7\u00e3o relativa aos servi\u00e7os contratados, bem como para o envio de comunica\u00e7\u00f5es comerciais e publicit\u00e1rias sobre os mesmos ou similares por parte da Laratrans, atrav\u00e9s de correio postal, e-mail, telefone, SMS ou outros meios indicados pelo cliente, exceto quando o cliente manifestar expressamente a sua oposi\u00e7\u00e3o ao mesmo no momento da contrata\u00e7\u00e3o. Independentemente de o cliente ter optado ou n\u00e3o por receber informa\u00e7\u00f5es comerciais da Laratrans, o cliente poder\u00e1 modificar a sua decis\u00e3o em qualquer momento, todas as vezes que o desejar, atrav\u00e9s da sec\u00e7\u00e3o espec\u00edfica dispon\u00edvel para o efeito na sua \u00c1rea de Cliente.<\/li>\n<li>Pela manuten\u00e7\u00e3o dos registos hist\u00f3ricos das rela\u00e7\u00f5es comerciais durante os prazos legalmente estabelecidos.<\/li>\n<li>Nos casos em que a Laratrans deva aceder e\/ou processar dados pessoais relativamente aos quais o cliente tenha o estado de respons\u00e1vel ou encarregado do tratamento de dados, a Laratrans ir\u00e1 tratar esses dados na qualidade de respons\u00e1vel pelo tratamento dos dados em conformidade com as disposi\u00e7\u00f5es do artigo 28.\u00ba do RGPD e de acordo com o indicado na sec\u00e7\u00e3o chamada &#8220;Laratrans como respons\u00e1vel pelo tratamento dos dados&#8221;, inclu\u00edda na presente Pol\u00edtica.<\/li>\n<li>Em cumprimento do disposto na Lei 25\/2007, de 18 de outubro, relativa \u00e0 conserva\u00e7\u00e3o de dados relativos \u00e0s comunica\u00e7\u00f5es eletr\u00f3nicas e redes p\u00fablicas de comunica\u00e7\u00f5es, a Laratrans informa o utilizador que ser\u00e3o retidos e preservados determinados dados de tr\u00e1fego gerados durante o desenvolvimento das comunica\u00e7\u00f5es, bem como, se for o caso, comunicar os referidos dados aos \u00f3rg\u00e3os competentes sempre que ocorram as circunst\u00e2ncias legais previstas na referida Lei.<\/li>\n<li>Para todas as outras finalidades, expressamente inclu\u00eddas nas Condi\u00e7\u00f5es Particulares aplicadas ao produto ou servi\u00e7o contratado pelo cliente e expressamente aceites por este.<\/li>\n<\/ul>\n<p><strong>Prazo de reten\u00e7\u00e3o de dados pessoais <\/strong><\/p>\n<p>A Laratrans conserva os dados pessoais durante o tempo estritamente necess\u00e1rio ao cumprimento das finalidades supradescritas. A Laratrans pode reter os referidos dados, devidamente bloqueados, durante o prazo no qual possam ser derivadas responsabilidades da sua rela\u00e7\u00e3o com o cliente.<\/p>\n<p>No caso dos dados objeto de conserva\u00e7\u00e3o nos termos da Lei 25\/2007, de 18 de outubro, sobre a conserva\u00e7\u00e3o de dados relativos \u00e0s comunica\u00e7\u00f5es eletr\u00f3nicas e \u00e0s redes p\u00fablicas de comunica\u00e7\u00f5es, o prazo de conserva\u00e7\u00e3o dos mesmos est\u00e1 descrito na referida lei.<\/p>\n<p><strong>Destinat\u00e1rios dos dados pessoais<\/strong><\/p>\n<p>Os destinat\u00e1rios dos dados pessoais recolhidos pela Laratrans ser\u00e3o os seguintes:<\/p>\n<ul>\n<li>Os pr\u00f3prios funcion\u00e1rios da Laratrans no desempenho das respetivas fun\u00e7\u00f5es.<\/li>\n<li>Os fornecedores da Laratrans envolvidos na presta\u00e7\u00e3o de servi\u00e7os, caso seja necess\u00e1rio para a presta\u00e7\u00e3o dos mesmos.<\/li>\n<li>Os \u00f3rg\u00e3os judiciais ou administrativos, bem como as For\u00e7as e Corpos de Seguran\u00e7a do Estado, caso a Laratrans seja obrigada nos termos da legisla\u00e7\u00e3o em vigor a fornecer informa\u00e7\u00f5es relacionadas com os respetivos clientes e servi\u00e7os.<\/li>\n<li>Quaisquer outros que, pela natureza do servi\u00e7o, devam aceder aos dados fornecidos com os mesmos, conforme detalhado nas Condi\u00e7\u00f5es Particulares aplic\u00e1veis ao respetivo produto ou servi\u00e7o contratado pelo cliente e expressamente aceites pelo cliente..<\/li>\n<\/ul>\n<p><strong>Direitos dos utilizadores e exerc\u00edcio dos mesmos<\/strong><\/p>\n<p>Os utilizadores podem exercer, em qualquer momento, os seguintes direitos reconhecidos pelo RGPD:<\/p>\n<ul>\n<li>Direito de acesso.<br \/>\nOs utilizadores t\u00eam o direito a obter junto da Laratrans informa\u00e7\u00f5es sobre se os respetivos dados pessoais est\u00e3o a ser tratados, aceder aos mesmos e obter informa\u00e7\u00f5es sobre o tratamento realizado<\/li>\n<\/ul>\n<ul>\n<li>Direito a obter uma c\u00f3pia dos dados pessoais.<\/li>\n<li>Direito de retifica\u00e7\u00e3o. Os utilizadores t\u00eam o direito de pedir \u00e0 Laratrans para corrigir os respetivos dados pessoais no caso de estes serem imprecisos ou incompletos.<\/li>\n<\/ul>\n<ul>\n<li>Direito de elimina\u00e7\u00e3o. Os utilizadores t\u00eam o direito de proceder \u00e0 elimina\u00e7\u00e3o dos dados quando estes j\u00e1 n\u00e3o sejam necess\u00e1rios para a finalidade para a qual foram fornecidos ou quando o resto das circunst\u00e2ncias legalmente previstas o permitam.<\/li>\n<\/ul>\n<ul>\n<li>Direito \u00e0 limita\u00e7\u00e3o do tratamento. Os utilizadores t\u00eam o direito de solicitar a limita\u00e7\u00e3o do tratamento dos dados pessoais, para que n\u00e3o lhes sejam aplicadas as opera\u00e7\u00f5es de tratamento que lhes correspondam nos casos previstos no artigo 18.\u00ba do RGPD.<\/li>\n<\/ul>\n<ul>\n<li>Direito \u00e0 portabilidade. Os utilizadores t\u00eam o direito de receber os dados pessoais que lhes digam respeito em formato estruturado, desde que tais dados sejam de sua exclusiva responsabilidade e tenham sido por ele fornecidos.<\/li>\n<\/ul>\n<p>Os utilizadores podem exercer estes direitos das seguintes formas:<\/p>\n<ul>\n<li>Caso sejam clientes da Laratrans, os utilizadores poder\u00e3o comprovar em cada momento os respetivos dados pessoais atrav\u00e9s do separador &#8220;Os meus dados&#8221; na ferramenta &#8220;\u00c1rea de Cliente&#8221;, \u00e0 qual podem aceder ap\u00f3s iniciar sess\u00e3o em <a href=\"https:\/\/www.laratrans.com\/pt-pt\/\">https:\/\/www.laratrans.com\/<\/a>. Tamb\u00e9m podem enviar uma mensagem atrav\u00e9s do separador &#8220;Contacto&#8221; da referida ferramenta, indicando qual o direito que pretendem exercer.<\/li>\n<li>Sejam ou n\u00e3o clientes da Laratrans, os utilizadores podem exercer os respetivos direitos atrav\u00e9s do envio de um e-mail para o endere\u00e7o <a href=\"mailto:info@laratrans.com\">info@laratrans.com<\/a> ou atrav\u00e9s do envio de um pedido acompanhado do respetivo documento de identifica\u00e7\u00e3o ou outro documento que ateste a respetiva identidade para Laratrans Servicios Log\u00edsticos y Transportes, S.L.U. Camino Mas\u00eda Conde s\/n, 46393 Loriguilla (Valencia) Espanha, \u00e0 aten\u00e7\u00e3o do Departamento de Informa\u00e7\u00e3o Comercial, especificando o direito que pretendem exercer.<\/li>\n<\/ul>\n<p>Nos casos em que os pedidos sejam manifestamente infundados ou excessivos pelo seu car\u00e1ter repetitivo, a Laratrans reserva-se o direito a cobrar uma taxa pelos custos administrativos derivados ou o direito a rejeitar atuar relativamente ao mesmo, em conformidade com o definido no n\u00famero 5 do artigo 12.\u00ba do RGPD.<\/p>\n<p><strong>Autoridade de controlo<\/strong><\/p>\n<p>Os utilizadores e\/ou clientes podem dirigir-se \u00e0 autoridade de controlo local correspondente se considerarem que o tratamento dos dados pessoais n\u00e3o foi realizado em conformidade com a legisla\u00e7\u00e3o em vigor.<\/p>\n<p>A autoridade de controlo da prote\u00e7\u00e3o de dados em Espanha \u00e9 a Agencia Espa\u00f1ola de Protecci\u00f3n de Datos (Ag\u00eancia Espanhola de Prote\u00e7\u00e3o de Dados), cujos dados de contacto est\u00e3o dispon\u00edveis no respetivo site, em <a href=\"https:\/\/www.agpd.es\/portalwebAGPD\/CanalDelCiudadano\/contacteciudadano\/index-ides-idphp.php\">https:\/\/www.agpd.es\/portalwebAGPD\/CanalDelCiudadano\/contacteciudadano\/index-ides-idphp.php<\/a>.<\/p>\n<p><strong>Transfer\u00eancias internacionais de dados<\/strong><\/p>\n<p>Os produtos e servi\u00e7os da Laratrans que exijam transfer\u00eancias internacionais para permitir a presta\u00e7\u00e3o dos mesmos, tal circunst\u00e2ncia ser\u00e1 reconhecida nas Condi\u00e7\u00f5es Particulares aplic\u00e1veis ao produto ou servi\u00e7o contratado pelo cliente e aceite explicitamente por este anteriormente \u00e0s mesmas.<\/p>\n<p><strong>Laratrans como respons\u00e1vel pelo tratamento<\/strong><\/p>\n<p>Em conformidade com o artigo 28.\u00ba do RGPD, a Laratrans trata os dados pessoais relativamente aos quais o cliente tenha a condi\u00e7\u00e3o de respons\u00e1vel ou encarregado pelo tratamento sempre que tal seja necess\u00e1rio para a correta presta\u00e7\u00e3o dos servi\u00e7os contratados. Neste caso, a Laratrans atua como respons\u00e1vel pelo tratamento, em conformidade com os termos indicados a seguir:<\/p>\n<ul>\n<li>A Laratrans trata apenas os dados de acordo com as instru\u00e7\u00f5es do cliente respons\u00e1vel ou encarregado do tratamento e n\u00e3o os utiliza para um fim diferente do indicado na presente Pol\u00edtica de prote\u00e7\u00e3o de dados e\/ou nas condi\u00e7\u00f5es contratuais aplic\u00e1veis.<\/li>\n<li>Cumprida a presta\u00e7\u00e3o dos servi\u00e7os que sejam o motivo do tratamento dos dados pessoais, estes ser\u00e3o destru\u00eddos, tal como qualquer suporte ou documentos nos quais conste algum dado pessoal ou qualquer tipo de informa\u00e7\u00e3o que tenha sido gerada durante, para e\/ou pela presta\u00e7\u00e3o dos servi\u00e7os objeto das respetivas Condi\u00e7\u00f5es. Sem preju\u00edzo do anterior, a Laratrans pode reter os referidos dados, devidamente bloqueados, durante o prazo no qual possam ser derivadas responsabilidades da sua rela\u00e7\u00e3o com o cliente.<\/li>\n<li>Caso destine os dados a outra finalidade ou os utilize ou comunique em incumprimento da presente Pol\u00edtica de prote\u00e7\u00e3o de dados e\/ou das Condi\u00e7\u00f5es do servi\u00e7o correspondente, a Laratrans ser\u00e1 considerada respons\u00e1vel pelo tratamento.<\/li>\n<li>Em conformidade com o artigo 28.\u00ba do RGPD, a Laratrans obriga-se a manter o sigilo profissional relativamente aos dados pessoais aos quais tenha de aceder e\/ou tratar para cumprimento do objeto das Condi\u00e7\u00f5es do servi\u00e7o aplic\u00e1veis, tanto durante como ap\u00f3s o t\u00e9rmino dos mesmos, comprometendo-se da utilizar a referida informa\u00e7\u00e3o apenas para a finalidade prevista em cada caso e a exigir o mesmo n\u00edvel de compromisso a qualquer pessoa que dentro da sua organiza\u00e7\u00e3o participe em qualquer fase do tratamento dos dados pessoais que sejam da responsabilidade do cliente.<\/li>\n<li>De acordo com o estabelecido no RGPD, as seguintes regras s\u00e3o aplic\u00e1veis em rela\u00e7\u00e3o \u00e0 forma e modalidades de acesso aos dados para a presta\u00e7\u00e3o dos servi\u00e7os:<\/li>\n<\/ul>\n<ol>\n<li style=\"list-style-type: none;\">\n<ol>\n<li>Caso a Laratrans tenha de aceder aos recursos de tratamento localizados nas instala\u00e7\u00f5es do cliente, este ser\u00e1 respons\u00e1vel por estabelecer e implementar a pol\u00edtica e as medidas de seguran\u00e7a, bem como comunicar as mesmas \u00e0 Laratrans, que se compromete a respeitar as mesmas e a exigir o respetivo cumprimento \u00e0s pessoas da sua organiza\u00e7\u00e3o que participem na presta\u00e7\u00e3o dos servi\u00e7os.<\/li>\n<li>Quando a Laratrans aceda remotamente aos recursos de tratamento de dados da responsabilidade do cliente, este dever\u00e1 estabelecer e implementar a pol\u00edtica e as medidas de seguran\u00e7a nos respetivos sistemas de tratamento remotos, sendo a Laratrans respons\u00e1vel por estabelecer e implementar a pol\u00edtica e as medidas de seguran\u00e7a nos seus pr\u00f3prios sistemas locais.<\/li>\n<li>Quando o servi\u00e7o seja prestado pela Laratrans nas suas instala\u00e7\u00f5es, a Laratrans recolher\u00e1 no respetivo Registo de atividades as circunst\u00e2ncias relativas ao tratamento dos dados nos termos exigidos pelo RGPD, incluindo as medidas de seguran\u00e7a correspondentes a tal tratamento.<\/li>\n<\/ol>\n<\/li>\n<\/ol>\n<ul>\n<li>Sem preju\u00edzo das disposi\u00e7\u00f5es jur\u00eddicas ou regulamentares em vigor que possam ser aplic\u00e1veis em cada caso nem daquelas que possam ser adotadas pela Laratrans por sua pr\u00f3pria iniciativa, o aceso e\/ou tratamento de dados por parte da Laratrans estar\u00e1 submetido \u00e0s medidas de seguran\u00e7a necess\u00e1rias para:\n<ul>\n<li>Garantir a confidencialidade, integridade, disponibilidade e resili\u00eancia permanentes dos sistemas e servi\u00e7os de tratamento.<\/li>\n<li>Restaurar a disponibilidade e o acesso aos dados pessoais de forma r\u00e1pida, em caso de incidente f\u00edsico ou t\u00e9cnico.<\/li>\n<li>Verificar e avaliar, de forma regular, a efic\u00e1cia das medidas t\u00e9cnicas e organizacionais implementadas para garantir a seguran\u00e7a do tratamento.<\/li>\n<li>Pseudonimizar e encriptar os dados pessoais, consoante o caso.<\/li>\n<\/ul>\n<\/li>\n<\/ul>\n<ul>\n<li>O cliente autoriza a Laratrans, na sua qualidade de encarregado pelo tratamento, a subcontratar a terceiros, em nome e por conta do cliente, os servi\u00e7os de armazenamento, cust\u00f3dia de c\u00f3pias de seguran\u00e7a dos dados e outros que sejam necess\u00e1rios para permitir a presta\u00e7\u00e3o dos servi\u00e7os contratados, respeitando, em todos os casos, as obriga\u00e7\u00f5es impostas pelo RGPD e pela regulamenta\u00e7\u00e3o de desenvolvimento deste. O cliente pode, em todos os momentos, dirigir-se \u00e0 Laratrans para conhecer a identidade das entidades subcontratadas para a presta\u00e7\u00e3o dos servi\u00e7os indicados, que atuar\u00e3o em conformidade com os termos previstos no presente documento e com a formaliza\u00e7\u00e3o pr\u00e9via de um contrato de tratamento de dados com a Laratrans, em conformidade com o n\u00famero 4 do artigo 28.\u00ba do RGPD.<\/li>\n<li>O cliente autoriza a Laratrans a realizar as a\u00e7\u00f5es indicadas a seguir, sempre que tal seja necess\u00e1rio para a presta\u00e7\u00e3o dos servi\u00e7os. A referida autoriza\u00e7\u00e3o est\u00e1 limitada \u00e0 atua\u00e7\u00e3o necess\u00e1ria para a presta\u00e7\u00e3o de cada servi\u00e7o e com a dura\u00e7\u00e3o m\u00e1xima vinculada \u00e0 vig\u00eancia das Condi\u00e7\u00f5es contratuais aplic\u00e1veis:\n<ul>\n<li>Para realizar o tratamento dos dados pessoais em dispositivos port\u00e1teis apenas por parte dos utilizadores ou perfis de utilizadores atribu\u00eddos \u00e0 presta\u00e7\u00e3o dos servi\u00e7os.<\/li>\n<li>Para realizar o tratamento fora dos locais do cliente ou da Laratrans, apenas pelos utilizadores ou perfis de utilizadores atribu\u00eddos \u00e0 presta\u00e7\u00e3o dos servi\u00e7os.<\/li>\n<li>A entrada e sa\u00edda dos suportes e documentos que contenham dados pessoais, incluindo os compreendidos e\/ou os anexos de mensagens de correio eletr\u00f3nico, fora dos locais sob o controlo do cliente respons\u00e1vel pelo tratamento.<\/li>\n<li>A execu\u00e7\u00e3o dos procedimentos de recupera\u00e7\u00e3o dos dados a que a Laratrans se veja na obriga\u00e7\u00e3o de realizar.<\/li>\n<\/ul>\n<\/li>\n<li>A Laratrans n\u00e3o assume qualquer responsabilidade pelo incumprimento das obriga\u00e7\u00f5es derivadas do RGPD ou da legisla\u00e7\u00e3o correspondente em mat\u00e9ria de prote\u00e7\u00e3o de dados por parte do utilizador e\/ou cliente no que corresponda \u00e0 sua atividade e que esteja relacionada com a execu\u00e7\u00e3o do contrato ou rela\u00e7\u00f5es comerciais que o vinculem \u00e0 Laratrans. Cada uma das partes dever\u00e1 assumir a responsabilidade que resulte do seu pr\u00f3prio incumprimento das obriga\u00e7\u00f5es contratuais e da legisla\u00e7\u00e3o.<\/li>\n<\/ul>\n","protected":false},"excerpt":{"rendered":"<p>Pol\u00edtica de prote\u00e7\u00e3o de dados Em cumprimento do Regulamento (UE) 2016\/679, do Parlamento Europeu e do Conselho, de 27 de abril de 2016 (doravante, RGPD), a Laratrans Servicios Log\u00edsicos y Transportes, S.L.U. (doravante, Laratrans) implementa a presente Pol\u00edtica relativa ao tratamento e prote\u00e7\u00e3o de dados pessoais. Dados do respons\u00e1vel pelo tratamento LARATRANS SERVICIOS LOGISTICOS Y<\/p>\n","protected":false},"author":1,"featured_media":0,"parent":0,"menu_order":0,"comment_status":"closed","ping_status":"closed","template":"","meta":{"footnotes":""},"yoast_head":"<!-- This site is optimized with the Yoast SEO plugin v21.1 - https:\/\/yoast.com\/wordpress\/plugins\/seo\/ -->\n<title>Pol\u00edtica de privacidade - Laratrans - Servicios log\u00edsticos y transporte<\/title>\n<meta name=\"robots\" content=\"index, follow, max-snippet:-1, max-image-preview:large, max-video-preview:-1\" \/>\n<link rel=\"canonical\" href=\"https:\/\/www.laratrans.com\/pt-pt\/politica-de-privacidad\/\" \/>\n<meta property=\"og:locale\" content=\"pt_PT\" \/>\n<meta property=\"og:type\" content=\"article\" \/>\n<meta property=\"og:title\" content=\"Pol\u00edtica de privacidade - Laratrans - Servicios log\u00edsticos y transporte\" \/>\n<meta property=\"og:description\" content=\"Pol\u00edtica de prote\u00e7\u00e3o de dados Em cumprimento do Regulamento (UE) 2016\/679, do Parlamento Europeu e do Conselho, de 27 de abril de 2016 (doravante, RGPD), a Laratrans Servicios Log\u00edsicos y Transportes, S.L.U. (doravante, Laratrans) implementa a presente Pol\u00edtica relativa ao tratamento e prote\u00e7\u00e3o de dados pessoais. Dados do respons\u00e1vel pelo tratamento LARATRANS SERVICIOS LOGISTICOS Y\" \/>\n<meta property=\"og:url\" content=\"https:\/\/www.laratrans.com\/pt-pt\/politica-de-privacidad\/\" \/>\n<meta property=\"og:site_name\" content=\"Laratrans - Servicios log\u00edsticos y transporte\" \/>\n<meta property=\"article:modified_time\" content=\"2023-08-24T08:33:53+00:00\" \/>\n<meta name=\"twitter:card\" content=\"summary_large_image\" \/>\n<meta name=\"twitter:label1\" content=\"Tempo estimado de leitura\" \/>\n\t<meta name=\"twitter:data1\" content=\"14 minutos\" \/>\n<script type=\"application\/ld+json\" class=\"yoast-schema-graph\">{\"@context\":\"https:\/\/schema.org\",\"@graph\":[{\"@type\":\"WebPage\",\"@id\":\"https:\/\/www.laratrans.com\/pt-pt\/politica-de-privacidad\/\",\"url\":\"https:\/\/www.laratrans.com\/pt-pt\/politica-de-privacidad\/\",\"name\":\"Pol\u00edtica de privacidade - Laratrans - Servicios log\u00edsticos y transporte\",\"isPartOf\":{\"@id\":\"https:\/\/www.laratrans.com\/pt-pt\/#website\"},\"datePublished\":\"2017-08-22T10:58:23+00:00\",\"dateModified\":\"2023-08-24T08:33:53+00:00\",\"breadcrumb\":{\"@id\":\"https:\/\/www.laratrans.com\/pt-pt\/politica-de-privacidad\/#breadcrumb\"},\"inLanguage\":\"pt-PT\",\"potentialAction\":[{\"@type\":\"ReadAction\",\"target\":[\"https:\/\/www.laratrans.com\/pt-pt\/politica-de-privacidad\/\"]}]},{\"@type\":\"BreadcrumbList\",\"@id\":\"https:\/\/www.laratrans.com\/pt-pt\/politica-de-privacidad\/#breadcrumb\",\"itemListElement\":[{\"@type\":\"ListItem\",\"position\":1,\"name\":\"Portada\",\"item\":\"https:\/\/www.laratrans.com\/pt-pt\/\"},{\"@type\":\"ListItem\",\"position\":2,\"name\":\"Pol\u00edtica de privacidade\"}]},{\"@type\":\"WebSite\",\"@id\":\"https:\/\/www.laratrans.com\/pt-pt\/#website\",\"url\":\"https:\/\/www.laratrans.com\/pt-pt\/\",\"name\":\"Laratrans - Servicios log\u00edsticos y transporte\",\"description\":\"Grupo Laratrans, Transportes y Soluciones Log\u00edsticas Integrales desde 2003\",\"publisher\":{\"@id\":\"https:\/\/www.laratrans.com\/pt-pt\/#organization\"},\"potentialAction\":[{\"@type\":\"SearchAction\",\"target\":{\"@type\":\"EntryPoint\",\"urlTemplate\":\"https:\/\/www.laratrans.com\/pt-pt\/?s={search_term_string}\"},\"query-input\":\"required name=search_term_string\"}],\"inLanguage\":\"pt-PT\"},{\"@type\":\"Organization\",\"@id\":\"https:\/\/www.laratrans.com\/pt-pt\/#organization\",\"name\":\"Laratrans Servicios Log\u00edsticos y Transportes\",\"url\":\"https:\/\/www.laratrans.com\/pt-pt\/\",\"logo\":{\"@type\":\"ImageObject\",\"inLanguage\":\"pt-PT\",\"@id\":\"https:\/\/www.laratrans.com\/pt-pt\/#\/schema\/logo\/image\/\",\"url\":\"https:\/\/www.laratrans.com\/wp-content\/uploads\/2017\/07\/Laratrans-logo.png\",\"contentUrl\":\"https:\/\/www.laratrans.com\/wp-content\/uploads\/2017\/07\/Laratrans-logo.png\",\"width\":801,\"height\":162,\"caption\":\"Laratrans Servicios Log\u00edsticos y Transportes\"},\"image\":{\"@id\":\"https:\/\/www.laratrans.com\/pt-pt\/#\/schema\/logo\/image\/\"},\"sameAs\":[\"https:\/\/es.linkedin.com\/company\/laratranslogisticaintegral\",\"https:\/\/www.youtube.com\/channel\/UCusx2hwxfP5YuBmFy25C5hQ\"]}]}<\/script>\n<!-- \/ Yoast SEO plugin. -->","yoast_head_json":{"title":"Pol\u00edtica de privacidade - Laratrans - Servicios log\u00edsticos y transporte","robots":{"index":"index","follow":"follow","max-snippet":"max-snippet:-1","max-image-preview":"max-image-preview:large","max-video-preview":"max-video-preview:-1"},"canonical":"https:\/\/www.laratrans.com\/pt-pt\/politica-de-privacidad\/","og_locale":"pt_PT","og_type":"article","og_title":"Pol\u00edtica de privacidade - Laratrans - Servicios log\u00edsticos y transporte","og_description":"Pol\u00edtica de prote\u00e7\u00e3o de dados Em cumprimento do Regulamento (UE) 2016\/679, do Parlamento Europeu e do Conselho, de 27 de abril de 2016 (doravante, RGPD), a Laratrans Servicios Log\u00edsicos y Transportes, S.L.U. (doravante, Laratrans) implementa a presente Pol\u00edtica relativa ao tratamento e prote\u00e7\u00e3o de dados pessoais. Dados do respons\u00e1vel pelo tratamento LARATRANS SERVICIOS LOGISTICOS Y","og_url":"https:\/\/www.laratrans.com\/pt-pt\/politica-de-privacidad\/","og_site_name":"Laratrans - Servicios log\u00edsticos y transporte","article_modified_time":"2023-08-24T08:33:53+00:00","twitter_card":"summary_large_image","twitter_misc":{"Tempo estimado de leitura":"14 minutos"},"schema":{"@context":"https:\/\/schema.org","@graph":[{"@type":"WebPage","@id":"https:\/\/www.laratrans.com\/pt-pt\/politica-de-privacidad\/","url":"https:\/\/www.laratrans.com\/pt-pt\/politica-de-privacidad\/","name":"Pol\u00edtica de privacidade - Laratrans - Servicios log\u00edsticos y transporte","isPartOf":{"@id":"https:\/\/www.laratrans.com\/pt-pt\/#website"},"datePublished":"2017-08-22T10:58:23+00:00","dateModified":"2023-08-24T08:33:53+00:00","breadcrumb":{"@id":"https:\/\/www.laratrans.com\/pt-pt\/politica-de-privacidad\/#breadcrumb"},"inLanguage":"pt-PT","potentialAction":[{"@type":"ReadAction","target":["https:\/\/www.laratrans.com\/pt-pt\/politica-de-privacidad\/"]}]},{"@type":"BreadcrumbList","@id":"https:\/\/www.laratrans.com\/pt-pt\/politica-de-privacidad\/#breadcrumb","itemListElement":[{"@type":"ListItem","position":1,"name":"Portada","item":"https:\/\/www.laratrans.com\/pt-pt\/"},{"@type":"ListItem","position":2,"name":"Pol\u00edtica de privacidade"}]},{"@type":"WebSite","@id":"https:\/\/www.laratrans.com\/pt-pt\/#website","url":"https:\/\/www.laratrans.com\/pt-pt\/","name":"Laratrans - Servicios log\u00edsticos y transporte","description":"Grupo Laratrans, Transportes y Soluciones Log\u00edsticas Integrales desde 2003","publisher":{"@id":"https:\/\/www.laratrans.com\/pt-pt\/#organization"},"potentialAction":[{"@type":"SearchAction","target":{"@type":"EntryPoint","urlTemplate":"https:\/\/www.laratrans.com\/pt-pt\/?s={search_term_string}"},"query-input":"required name=search_term_string"}],"inLanguage":"pt-PT"},{"@type":"Organization","@id":"https:\/\/www.laratrans.com\/pt-pt\/#organization","name":"Laratrans Servicios Log\u00edsticos y Transportes","url":"https:\/\/www.laratrans.com\/pt-pt\/","logo":{"@type":"ImageObject","inLanguage":"pt-PT","@id":"https:\/\/www.laratrans.com\/pt-pt\/#\/schema\/logo\/image\/","url":"https:\/\/www.laratrans.com\/wp-content\/uploads\/2017\/07\/Laratrans-logo.png","contentUrl":"https:\/\/www.laratrans.com\/wp-content\/uploads\/2017\/07\/Laratrans-logo.png","width":801,"height":162,"caption":"Laratrans Servicios Log\u00edsticos y Transportes"},"image":{"@id":"https:\/\/www.laratrans.com\/pt-pt\/#\/schema\/logo\/image\/"},"sameAs":["https:\/\/es.linkedin.com\/company\/laratranslogisticaintegral","https:\/\/www.youtube.com\/channel\/UCusx2hwxfP5YuBmFy25C5hQ"]}]}},"_links":{"self":[{"href":"https:\/\/www.laratrans.com\/pt-pt\/wp-json\/wp\/v2\/pages\/3970"}],"collection":[{"href":"https:\/\/www.laratrans.com\/pt-pt\/wp-json\/wp\/v2\/pages"}],"about":[{"href":"https:\/\/www.laratrans.com\/pt-pt\/wp-json\/wp\/v2\/types\/page"}],"author":[{"embeddable":true,"href":"https:\/\/www.laratrans.com\/pt-pt\/wp-json\/wp\/v2\/users\/1"}],"replies":[{"embeddable":true,"href":"https:\/\/www.laratrans.com\/pt-pt\/wp-json\/wp\/v2\/comments?post=3970"}],"version-history":[{"count":5,"href":"https:\/\/www.laratrans.com\/pt-pt\/wp-json\/wp\/v2\/pages\/3970\/revisions"}],"predecessor-version":[{"id":3980,"href":"https:\/\/www.laratrans.com\/pt-pt\/wp-json\/wp\/v2\/pages\/3970\/revisions\/3980"}],"wp:attachment":[{"href":"https:\/\/www.laratrans.com\/pt-pt\/wp-json\/wp\/v2\/media?parent=3970"}],"curies":[{"name":"wp","href":"https:\/\/api.w.org\/{rel}","templated":true}]}}